{"id":614,"date":"2025-01-05T17:54:31","date_gmt":"2025-01-05T16:54:31","guid":{"rendered":"https:\/\/przystanrozwoju.pl\/?page_id=614"},"modified":"2025-01-05T18:01:42","modified_gmt":"2025-01-05T17:01:42","slug":"jak-chorowac-pytania-ktorych-sie-boimy","status":"publish","type":"page","link":"https:\/\/przystanrozwoju.pl\/?page_id=614","title":{"rendered":"Jak chorowa\u0107? Pytania, kt\u00f3rych si\u0119 boimy"},"content":{"rendered":"\n<blockquote class=\"wp-block-quote is-layout-flow wp-block-quote-is-layout-flow\">\n<p>Ksi\u0105\u017cka ponownie ma form\u0119 wywiadu-rzeki. Poprzednio autorzy przygl\u0105dali si\u0119 staro\u015bci (\u201eO niekt\u00f3rych l\u0119kach os\u00f3b starszych. Zanim p\u00f3jdziesz na terapi\u0119\u201d). Jest autentyczn\u0105 i \u017cyw\u0105 rozmow\u0105. I znowu czuj\u0119 si\u0119 tak, jakbym by\u0142a przeprowadzona przez teren tabu. Bardzo mi to odpowiada. W moim pokoleniu w\u00a0rodzinach nie rozmawia\u0142o si\u0119 otwarcie o chorobie, diagnozie, l\u0119kach i umieraniu.<br>Cz\u0119sto osoba chora nie wiedzia\u0142a o rokowaniach. By\u0142a zmowa milczenia. B\u0119d\u0105c nastolatk\u0105, odprowadza\u0142am mam\u0119 do szpitala biela\u0144skiego i wszyscy pytali: \u201eAle po co ona tam\u00a0idzie ?\u201d. \u201eCicho-sza !\u201d.\u00a0Choroba, cierpienie, odchodzenie\u2026 Do\u015bwiadczenia dotykaj\u0105ce nas wszystkich.\u00a0Choroba jest przej\u015bciem przez samotno\u015b\u0107. Choroba to uczenie si\u0119 \u017cycia na\u00a0nowo.<br>A wi\u0119c jak chorowa\u0107? Jako pracownik hospicjum patrz\u0119 na t\u0119 ksi\u0105\u017ck\u0119 jak na podr\u0119cznik dla mnie. Ogromn\u0105 warto\u015bci\u0105 jest to, \u017ce autorzy przygl\u0105daj\u0105 si\u0119 uczuciom osoby chorej oraz uczuciom opiekun\u00f3w. Nie musz\u0119 by\u0107 \u201edzielnym pacjentem\u201d, mog\u0119 by\u0107 prawdziwym w chorobie, mog\u0119 mie\u0107 pretensje do Pana Boga. Mam prawo nie chcie\u0107 by\u0107 ci\u0119\u017carem. Mam prawo by\u0107 ci\u0119\u017carem.<br>A jako opiekun mam prawo do zadbania o swoje zasoby, do odpoczynku, wsparcia i\u00a0tak\u017ce bycia prawdziwym.\u00a0Walorem tej ksi\u0105\u017cki jest tak\u017ce to, \u017ce powsta\u0142a pod wp\u0142ywem niedawnego\u00a0do\u015bwiadczenia autora.\u00a0I najwa\u017cniejszy wniosek z lektury: na bycie w chorobie i umieranie pracujemy ca\u0142e\u00a0\u017cycie. Dzi\u0119ki !\u00a0\u201eQualis vita et mors ita\u201d.\u00a0<em>Jakie \u017cycie, taka \u015bmier\u0107<\/em>. Takie te\u017c chorowanie.<br>O tym jest ta ksi\u0105\u017cka.<\/p>\n<\/blockquote>\n\n\n\n<p><strong>Anna Putro<br>psycholog, psychoonkolog<br>Hospicjum Domowe Ksi\u0119\u017cy Marian\u00f3w<br>Hospicjum Domowe \u201eBia\u0142o\u0142\u0119ka\u201d<br>Dom Pomocy Spo\u0142ecznej \u201eAnielin\u201d<\/strong><\/p>\n\n\n\n<blockquote class=\"wp-block-quote is-layout-flow wp-block-quote-is-layout-flow\">\n<p>Osobi\u015bcie wydaje mi si\u0119, \u017ce wiele zale\u017cy od do\u015bwiadczenie bycia samemu chorym, a jeszcze bardziej od do\u015bwiadczenia bycia z chorymi, czego brakuje wi\u0119kszo\u015bci ludzi\u2026&nbsp;&nbsp;<\/p>\n\n\n\n<p>W jednych miejscach jest to cz\u0119stsze, w innych izoluje si\u0119 dzieci i m\u0142odzie\u017c w chorowaniu i towarzyszeniu. Choroby uczy si\u0119, jak my\u015bl\u0119, w \u017cyciu.<\/p>\n\n\n\n<p>Niekt\u00f3rym mo\u017ce pom\u00f3c okre\u015blenie u\u017cyte w ksi\u0105\u017cce \u201edialog z chorob\u0105\u201d. Staje si\u0119 on mo\u017cliwy na pewnym etapie, kiedy co\u015b si\u0119 dzieje w cz\u0142owieku, co\u015b si\u0119 prze\u0142amuje, najcz\u0119\u015bciej po do\u015bwiadczeniu b\u00f3lu i beznadziei, kt\u00f3re mo\u017ce chorego przecie\u017c zniszczy\u0107.<\/p>\n\n\n\n<p>W wi\u0119kszo\u015bci przypadk\u00f3w choroba, cho\u0107 po buntach, prowadzi do odkrycia czego\u015b wa\u017cnego. Nie wszyscy nabieraj\u0105 zaufania do Pana Boga, ale w tych wypadkach rzeczywi\u015bcie dzieje si\u0119 co\u015b wielkiego. W nielicznych sytuacjach pojawia si\u0119 \u015bwiadomo\u015b\u0107, kiedy umieraj\u0105cy \u201ewie\u201d, kiedy ten czas przyjdzie\u2026<\/p>\n\n\n\n<p>Rzeczywi\u015bcie, jak pisz\u0105 autorzy, wielu odwiedzaj\u0105cych nie wie, co m\u00f3wi\u0107 przy chorych. Najcz\u0119\u015bciej pytaj\u0105: \u201eJak si\u0119 czujesz\u201d i ka\u017c\u0105 m\u0119czy\u0107 si\u0119 choremu z odpowiedzi\u0105. Pokazuje to relacje: czy potrafi\u0105 by\u0107 razem, czy potrafi\u0105 co\u015b wsp\u00f3lnego odnale\u017a\u0107, co jest pociech\u0105 dla chorego \u2013 nie licz\u0105c jedzenia, kt\u00f3re przynosz\u0105. Wi\u0119kszo\u015b\u0107 ludzi chorych nie potrafi w ci\u0119\u017ckich stanach op\u0119dzi\u0107 si\u0119 od bliskich w swoim domu, a gdy ci\u0119\u017cej choruj\u0105, to mo\u017ce by\u0107 w nich agresja czy rozpacz.<\/p>\n\n\n\n<p>Po latach inaczej ju\u017c widz\u0119 to powiedzenie: \u201eB\u00f3g tak chcia\u0142\u201d. Najwi\u0119ksz\u0105 drog\u0105 w mi\u0142o\u015bci jest wsp\u00f3\u0142cierpienie, ale jest to droga nielicznych. Reszta faktycznie nadu\u017cywa tych s\u0142\u00f3w.&nbsp;<\/p>\n\n\n\n<p>Problemem jest to, \u017ce trudno znale\u017a\u0107 kogo\u015b, kto umie towarzyszy\u0107. Najlepiej uczy\u0107 si\u0119 tego od innych, poczynaj\u0105c od rzeczy zewn\u0119trznych: jak si\u0119 zachowa\u0107, jak patrze\u0107, jak piel\u0119gnowa\u0107 w ci\u0119\u017ckich chorobach itp.<\/p>\n\n\n\n<p>Nie jest tak, \u017ce nie mo\u017cna przygotowa\u0107 si\u0119 do \u015bmierci, cho\u0107 nieliczni to robi\u0105. Cz\u0119sto o tym m\u00f3wi\u0119, \u017ce s\u0105 tacy, kt\u00f3rzy s\u0105 przygotowani i wtedy B\u00f3g im podpowiada, kiedy to b\u0119dzie i cz\u0119sto nawet, jak umr\u0105.&nbsp;<\/p>\n\n\n\n<p>Pami\u0119tam s\u0142owa papie\u017ca Jana Paw\u0142a II, \u017ce w cierpieniu cz\u0142owiek jest jako\u015b samotny i ta samotno\u015b\u0107 jest nieprzekazywalna. Z drugiej strony jest nadzieja dla wierz\u0105cych. Kiedy odkryje si\u0119 Pana Boga, wtedy \u0142atwiej wype\u0142nia si\u0119 sensem i samotno\u015b\u0107, i cierpienie.<\/p>\n\n\n\n<p>Wi\u0119cej we mnie bezradno\u015bci wobec moich nowych umieraj\u0105cych, cho\u0107 kilkana\u015bcie tysi\u0119cy przygotowa\u0142em na \u015bmier\u0107, a wielu w dawnym hospicjum wyleczyli\u015bmy.<\/p>\n<\/blockquote>\n\n\n\n<p><strong>ks. Andrzej Dziedziul MIC&nbsp;<br>kapelan Instytutu Neurologii i Psychiatrii, duszpasterz. Wieloletni kapelan Hospicjum<br><\/strong><\/p>\n","protected":false},"excerpt":{"rendered":"<p>Ksi\u0105\u017cka ponownie ma form\u0119 wywiadu-rzeki. Poprzednio autorzy przygl\u0105dali si\u0119 staro\u015bci (\u201eO niekt\u00f3rych l\u0119kach os\u00f3b starszych. Zanim p\u00f3jdziesz na terapi\u0119\u201d). Jest autentyczn\u0105 i \u017cyw\u0105 rozmow\u0105. I znowu czuj\u0119 si\u0119 tak, jakbym by\u0142a przeprowadzona przez teren tabu. Bardzo mi to odpowiada. W moim pokoleniu w\u00a0rodzinach nie rozmawia\u0142o si\u0119 otwarcie o chorobie, diagnozie, l\u0119kach i umieraniu.Cz\u0119sto osoba chora&#8230;<\/p>\n","protected":false},"author":1,"featured_media":0,"parent":0,"menu_order":0,"comment_status":"closed","ping_status":"closed","template":"","meta":{"footnotes":""},"class_list":["post-614","page","type-page","status-publish","hentry"],"_links":{"self":[{"href":"https:\/\/przystanrozwoju.pl\/index.php?rest_route=\/wp\/v2\/pages\/614","targetHints":{"allow":["GET"]}}],"collection":[{"href":"https:\/\/przystanrozwoju.pl\/index.php?rest_route=\/wp\/v2\/pages"}],"about":[{"href":"https:\/\/przystanrozwoju.pl\/index.php?rest_route=\/wp\/v2\/types\/page"}],"author":[{"embeddable":true,"href":"https:\/\/przystanrozwoju.pl\/index.php?rest_route=\/wp\/v2\/users\/1"}],"replies":[{"embeddable":true,"href":"https:\/\/przystanrozwoju.pl\/index.php?rest_route=%2Fwp%2Fv2%2Fcomments&post=614"}],"version-history":[{"count":4,"href":"https:\/\/przystanrozwoju.pl\/index.php?rest_route=\/wp\/v2\/pages\/614\/revisions"}],"predecessor-version":[{"id":623,"href":"https:\/\/przystanrozwoju.pl\/index.php?rest_route=\/wp\/v2\/pages\/614\/revisions\/623"}],"wp:attachment":[{"href":"https:\/\/przystanrozwoju.pl\/index.php?rest_route=%2Fwp%2Fv2%2Fmedia&parent=614"}],"curies":[{"name":"wp","href":"https:\/\/api.w.org\/{rel}","templated":true}]}}